{"id":3381,"date":"2026-03-27T11:23:03","date_gmt":"2026-03-27T18:23:03","guid":{"rendered":"https:\/\/varnerinjuryadvocates.com\/?page_id=3381"},"modified":"2026-03-27T11:23:03","modified_gmt":"2026-03-27T18:23:03","slug":"ryan-meeks","status":"publish","type":"page","link":"https:\/\/varnerinjuryadvocates.com\/es\/nuestro-equipo\/ryan-meeks\/","title":{"rendered":"Ryan Meeks"},"content":{"rendered":"<p>Ryan aporta una experiencia \u00fanica a Varner Injury Advocates, combinando tanto la experiencia militar y la pr\u00e1ctica privada de administraci\u00f3n legal a trav\u00e9s de m\u00faltiples \u00e1reas de pr\u00e1ctica. Entr\u00f3 en el campo legal en el Cuerpo de Marines de los Estados Unidos como Administrador Legal, apoyando un gran volumen de casos con muchos casos, incluyendo DUIs, delitos relacionados con drogas y alcohol, violencia dom\u00e9stica, delitos sexuales, homicidio culposo y delitos financieros. En ese puesto, Ryan contribuy\u00f3 a la preparaci\u00f3n de casos, la documentaci\u00f3n, el apoyo jur\u00eddico y los resultados que respaldaron las acciones a nivel de mando, incluidas las investigaciones de mando, los castigos no judiciales del art\u00edculo 15, las sentencias de consejos de guerra y las separaciones administrativas.<\/p>\n<p>Despu\u00e9s de la transici\u00f3n a la pr\u00e1ctica privada, Ryan ampli\u00f3 su experiencia en la familia, penal, sucesiones, patrimonio, y la ley de ancianos. Ayud\u00f3 a los abogados con casos complejos, incluyendo divisiones multimillonarias de alto patrimonio, disputas de custodia de los hijos de alto riesgo, manutenci\u00f3n de los hijos, pensi\u00f3n alimenticia, cobro de atrasos y ejecuci\u00f3n, e investigaciones de Guardian Ad Litem, siempre bajo la supervisi\u00f3n de un abogado.<\/p>\n<p>Ryan se gradu\u00f3 en la Universidad de Colorado Denver con honores, obteniendo siete distinciones honor\u00edficas y cuatro nominaciones a la lista del decano. Es licenciado en Administraci\u00f3n de Empresas con especializaci\u00f3n en Derecho. Tambi\u00e9n obtuvo cr\u00e9ditos en matem\u00e1ticas para un Asociado de Artes en Administraci\u00f3n de Empresas de la Universidad Militar Americana mientras manten\u00eda un GPA de 4,0 y serv\u00eda en el Cuerpo de Marines.<\/p>\n<p>Ryan se siente atra\u00eddo por el trabajo de lesiones personales, ya que le permite abogar por las personas en uno de los momentos m\u00e1s dif\u00edciles de sus vidas. \u00c9l apoya a los clientes cuando necesitan respuestas, estabilidad, y alguien dispuesto a luchar contra el trato injusto. Fuera del trabajo, Ryan le gusta explorar Colorado, relajarse los fines de semana, y pasar tiempo significativo con su familia. <\/p>\n<p>Ryan obtuvo m\u00faltiples distinciones acad\u00e9micas, nominaciones, afiliaciones, premios y certificaciones en la pr\u00e1ctica privada, el Cuerpo de Marines y como estudiante, entre ellas:<\/p>\n<p><b>Nominaciones a la Lista del Decano de la Escuela de Negocios de la Universidad de Colorado en Denver:<\/b><\/p>\n<ul>\n<li>Oto\u00f1o de 2025;<\/li>\n<li>Verano de 2025;<\/li>\n<li>Oto\u00f1o de 2024;<\/li>\n<li>Primavera de 2023;<\/li>\n<\/ul>\n<p><b>Distinciones honor\u00edficas:<\/b><\/p>\n<ul>\n<li>Programa de becas de honor de la Universidad de Colorado en Denver;<\/li>\n<li>Society for Collegiate Leadership &amp; Achievement;<\/li>\n<li>Fraternidad Nacional de Honores Phi Sigma Pi;<\/li>\n<li>Sociedad Nacional de Liderazgo y \u00c9xito;<\/li>\n<li>Sociedad Internacional de Honor Golden Key;<\/li>\n<li>Organizaci\u00f3n de la Sociedad de Honores;<\/li>\n<li>National Society of Collegiate Scholars;<\/li>\n<\/ul>\n<p><b>Certificaciones:<\/b><\/p>\n<ul>\n<li>Notario p\u00fablico;<\/li>\n<li>Habilitaci\u00f3n de seguridad secreta en el Cuerpo de Marines de EE. UU;<\/li>\n<\/ul>\n<p><b>Condecoraciones militares:<\/b><\/p>\n<ul>\n<li>Certificado de Reconocimiento por Logros Notables concedido por el General de Brigada Shea, Jefe del 1.er Grupo Log\u00edstico de Marines;<\/li>\n<li>Medalla de la Guerra Mundial contra el Terrorismo;<\/li>\n<li>Medalla al Servicio de la Defensa Nacional;<\/li>\n<li>Medalla a la Buena Conducta;<\/li>\n<\/ul>","protected":false},"excerpt":{"rendered":"<p>Ryan aporta una experiencia \u00fanica a Varner Injury Advocates, combinando tanto la experiencia militar y la pr\u00e1ctica privada de administraci\u00f3n legal a trav\u00e9s de m\u00faltiples \u00e1reas de pr\u00e1ctica. Entr\u00f3 en el campo legal en el Cuerpo de Marines de los Estados Unidos como Administrador Legal, apoyando un alto volumen de casos con muchos casos, incluyendo DUIs, drogas y delitos relacionados con el alcohol, la violencia dom\u00e9stica,<\/p>","protected":false},"author":13,"featured_media":0,"parent":644,"menu_order":0,"comment_status":"closed","ping_status":"closed","template":"page-attorney.php","meta":{"_acf_changed":false,"footnotes":""},"class_list":["post-3381","page","type-page","status-publish","hentry"],"acf":[],"yoast_head":"<!-- This site is optimized with the Yoast SEO Premium plugin v21.4 (Yoast SEO v25.7) - https:\/\/yoast.com\/wordpress\/plugins\/seo\/ -->\n<title>Ryan Meeks<\/title>\n<meta name=\"robots\" content=\"index, follow, max-snippet:-1, max-image-preview:large, max-video-preview:-1\" \/>\n<link rel=\"canonical\" href=\"https:\/\/varnerinjuryadvocates.com\/es\/nuestro-equipo\/ryan-meeks\/\" \/>\n<meta property=\"og:locale\" content=\"es_MX\" \/>\n<meta property=\"og:type\" content=\"article\" \/>\n<meta property=\"og:title\" content=\"Ryan Meeks\" \/>\n<meta property=\"og:description\" content=\"Ryan brings a unique background to Varner Injury Advocates, combining both military &#038; private practice legal administration experience across multiple practice areas. He entered the legal field in the United States Marine Corps as a Legal Administrator, supporting a high-volume caseload with many cases, including DUIs, drug and alcohol-related offenses, domestic violence,\" \/>\n<meta property=\"og:url\" content=\"https:\/\/varnerinjuryadvocates.com\/es\/nuestro-equipo\/ryan-meeks\/\" \/>\n<meta property=\"og:site_name\" content=\"Varner Elite Legal\" \/>\n<meta property=\"article:publisher\" content=\"https:\/\/www.facebook.com\/VFELcolorado\/\" \/>\n<meta name=\"twitter:card\" content=\"summary_large_image\" \/>\n<meta name=\"twitter:label1\" content=\"Tiempo de lectura\" \/>\n\t<meta name=\"twitter:data1\" content=\"2 minutos\" \/>\n<script type=\"application\/ld+json\" class=\"yoast-schema-graph\">{\"@context\":\"https:\/\/schema.org\",\"@graph\":[{\"@type\":\"WebPage\",\"@id\":\"https:\/\/varnerinjuryadvocates.com\/our-team\/ryan-meeks\/\",\"url\":\"https:\/\/varnerinjuryadvocates.com\/our-team\/ryan-meeks\/\",\"name\":\"Ryan Meeks\",\"isPartOf\":{\"@id\":\"https:\/\/varnerinjuryadvocates.com\/#website\"},\"datePublished\":\"2026-03-27T18:23:03+00:00\",\"breadcrumb\":{\"@id\":\"https:\/\/varnerinjuryadvocates.com\/our-team\/ryan-meeks\/#breadcrumb\"},\"inLanguage\":\"es\",\"potentialAction\":[{\"@type\":\"ReadAction\",\"target\":[\"https:\/\/varnerinjuryadvocates.com\/our-team\/ryan-meeks\/\"]}]},{\"@type\":\"BreadcrumbList\",\"@id\":\"https:\/\/varnerinjuryadvocates.com\/our-team\/ryan-meeks\/#breadcrumb\",\"itemListElement\":[{\"@type\":\"ListItem\",\"position\":1,\"name\":\"Home\",\"item\":\"https:\/\/varnerinjuryadvocates.com\/\"},{\"@type\":\"ListItem\",\"position\":2,\"name\":\"Our Firm\",\"item\":\"https:\/\/varnerinjuryadvocates.com\/our-team\/\"},{\"@type\":\"ListItem\",\"position\":3,\"name\":\"Ryan Meeks\"}]},{\"@type\":\"WebSite\",\"@id\":\"https:\/\/varnerinjuryadvocates.com\/#website\",\"url\":\"https:\/\/varnerinjuryadvocates.com\/\",\"name\":\"Varner Elite Legal\",\"description\":\"A New Kind Of Personal Injury Law Firm\",\"publisher\":{\"@id\":\"https:\/\/varnerinjuryadvocates.com\/#organization\"},\"potentialAction\":[{\"@type\":\"SearchAction\",\"target\":{\"@type\":\"EntryPoint\",\"urlTemplate\":\"https:\/\/varnerinjuryadvocates.com\/?s={search_term_string}\"},\"query-input\":{\"@type\":\"PropertyValueSpecification\",\"valueRequired\":true,\"valueName\":\"search_term_string\"}}],\"inLanguage\":\"es\"},{\"@type\":\"Organization\",\"@id\":\"https:\/\/varnerinjuryadvocates.com\/#organization\",\"name\":\"Varner Faddis Elite Legal, PLLC\",\"url\":\"https:\/\/varnerinjuryadvocates.com\/\",\"logo\":{\"@type\":\"ImageObject\",\"inLanguage\":\"es\",\"@id\":\"https:\/\/varnerinjuryadvocates.com\/#\/schema\/logo\/image\/\",\"url\":\"https:\/\/varnerinjuryadvocates.com\/wp-content\/uploads\/2020\/09\/VarnerFaddis-MainLogo-Black-Web.jpg\",\"contentUrl\":\"https:\/\/varnerinjuryadvocates.com\/wp-content\/uploads\/2020\/09\/VarnerFaddis-MainLogo-Black-Web.jpg\",\"width\":2000,\"height\":1456,\"caption\":\"Varner Faddis Elite Legal, PLLC\"},\"image\":{\"@id\":\"https:\/\/varnerinjuryadvocates.com\/#\/schema\/logo\/image\/\"},\"sameAs\":[\"https:\/\/www.facebook.com\/VFELcolorado\/\",\"https:\/\/www.instagram.com\/varnerfaddis\/\"]}]}<\/script>\n<!-- \/ Yoast SEO Premium plugin. -->","yoast_head_json":{"title":"Ryan Meeks","robots":{"index":"index","follow":"follow","max-snippet":"max-snippet:-1","max-image-preview":"max-image-preview:large","max-video-preview":"max-video-preview:-1"},"canonical":"https:\/\/varnerinjuryadvocates.com\/es\/nuestro-equipo\/ryan-meeks\/","og_locale":"es_MX","og_type":"article","og_title":"Ryan Meeks","og_description":"Ryan brings a unique background to Varner Injury Advocates, combining both military &#038; private practice legal administration experience across multiple practice areas. He entered the legal field in the United States Marine Corps as a Legal Administrator, supporting a high-volume caseload with many cases, including DUIs, drug and alcohol-related offenses, domestic violence,","og_url":"https:\/\/varnerinjuryadvocates.com\/es\/nuestro-equipo\/ryan-meeks\/","og_site_name":"Varner Elite Legal","article_publisher":"https:\/\/www.facebook.com\/VFELcolorado\/","twitter_card":"summary_large_image","twitter_misc":{"Tiempo de lectura":"2 minutos"},"schema":{"@context":"https:\/\/schema.org","@graph":[{"@type":"WebPage","@id":"https:\/\/varnerinjuryadvocates.com\/our-team\/ryan-meeks\/","url":"https:\/\/varnerinjuryadvocates.com\/our-team\/ryan-meeks\/","name":"Ryan Meeks","isPartOf":{"@id":"https:\/\/varnerinjuryadvocates.com\/#website"},"datePublished":"2026-03-27T18:23:03+00:00","breadcrumb":{"@id":"https:\/\/varnerinjuryadvocates.com\/our-team\/ryan-meeks\/#breadcrumb"},"inLanguage":"es","potentialAction":[{"@type":"ReadAction","target":["https:\/\/varnerinjuryadvocates.com\/our-team\/ryan-meeks\/"]}]},{"@type":"BreadcrumbList","@id":"https:\/\/varnerinjuryadvocates.com\/our-team\/ryan-meeks\/#breadcrumb","itemListElement":[{"@type":"ListItem","position":1,"name":"Home","item":"https:\/\/varnerinjuryadvocates.com\/"},{"@type":"ListItem","position":2,"name":"Our Firm","item":"https:\/\/varnerinjuryadvocates.com\/our-team\/"},{"@type":"ListItem","position":3,"name":"Ryan Meeks"}]},{"@type":"WebSite","@id":"https:\/\/varnerinjuryadvocates.com\/#website","url":"https:\/\/varnerinjuryadvocates.com\/","name":"Varner Elite Legal","description":"Un nuevo tipo de bufete de abogados especializados en lesiones personales","publisher":{"@id":"https:\/\/varnerinjuryadvocates.com\/#organization"},"potentialAction":[{"@type":"SearchAction","target":{"@type":"EntryPoint","urlTemplate":"https:\/\/varnerinjuryadvocates.com\/?s={search_term_string}"},"query-input":{"@type":"PropertyValueSpecification","valueRequired":true,"valueName":"search_term_string"}}],"inLanguage":"es"},{"@type":"Organization","@id":"https:\/\/varnerinjuryadvocates.com\/#organization","name":"Varner Faddis Elite Legal, PLLC","url":"https:\/\/varnerinjuryadvocates.com\/","logo":{"@type":"ImageObject","inLanguage":"es","@id":"https:\/\/varnerinjuryadvocates.com\/#\/schema\/logo\/image\/","url":"https:\/\/varnerinjuryadvocates.com\/wp-content\/uploads\/2020\/09\/VarnerFaddis-MainLogo-Black-Web.jpg","contentUrl":"https:\/\/varnerinjuryadvocates.com\/wp-content\/uploads\/2020\/09\/VarnerFaddis-MainLogo-Black-Web.jpg","width":2000,"height":1456,"caption":"Varner Faddis Elite Legal, PLLC"},"image":{"@id":"https:\/\/varnerinjuryadvocates.com\/#\/schema\/logo\/image\/"},"sameAs":["https:\/\/www.facebook.com\/VFELcolorado\/","https:\/\/www.instagram.com\/varnerfaddis\/"]}]}},"_links":{"self":[{"href":"https:\/\/varnerinjuryadvocates.com\/es\/wp-json\/wp\/v2\/pages\/3381","targetHints":{"allow":["GET"]}}],"collection":[{"href":"https:\/\/varnerinjuryadvocates.com\/es\/wp-json\/wp\/v2\/pages"}],"about":[{"href":"https:\/\/varnerinjuryadvocates.com\/es\/wp-json\/wp\/v2\/types\/page"}],"author":[{"embeddable":true,"href":"https:\/\/varnerinjuryadvocates.com\/es\/wp-json\/wp\/v2\/users\/13"}],"replies":[{"embeddable":true,"href":"https:\/\/varnerinjuryadvocates.com\/es\/wp-json\/wp\/v2\/comments?post=3381"}],"version-history":[{"count":0,"href":"https:\/\/varnerinjuryadvocates.com\/es\/wp-json\/wp\/v2\/pages\/3381\/revisions"}],"up":[{"embeddable":true,"href":"https:\/\/varnerinjuryadvocates.com\/es\/wp-json\/wp\/v2\/pages\/644"}],"wp:attachment":[{"href":"https:\/\/varnerinjuryadvocates.com\/es\/wp-json\/wp\/v2\/media?parent=3381"}],"curies":[{"name":"wp","href":"https:\/\/api.w.org\/{rel}","templated":true}]}}